{"id":33,"date":"2020-03-18T14:47:17","date_gmt":"2020-03-18T11:47:17","guid":{"rendered":"http:\/\/dogal-tarim.org\/?page_id=33"},"modified":"2021-04-17T18:40:41","modified_gmt":"2021-04-17T15:40:41","slug":"masanobu-fukuoka","status":"publish","type":"page","link":"https:\/\/dogal-tarim.org\/index.php\/masanobu-fukuoka\/","title":{"rendered":"Masanobu Fukuoka"},"content":{"rendered":"\n<p class=\"wp-block-paragraph\"><strong>Masanobu Fukuoka<\/strong>&nbsp;(2 \u015eubat 1913 \u2013 16 A\u011fustos 2008) Japonya\u2019da ya\u015fam\u0131\u015f bir \u00e7ift\u00e7i ve filozoftur. Geli\u015ftirdi\u011fi do\u011fal tar\u0131m y\u00f6ntemiyle ve \u00e7\u00f6lle\u015fmi\u015f topraklar\u0131n yeniden ye\u015fermesini sa\u011flamas\u0131yla an\u0131l\u0131r. Yerel k\u00fclt\u00fcrlerin topra\u011f\u0131 s\u00fcrmeden ve ila\u00e7 kullanmadan uygulad\u0131\u011f\u0131 geleneksel tar\u0131m\u0131 savundu&nbsp;ve bunun \u00fczerinden \u2018Do\u011fal Tar\u0131m\u2019 ya da \u2018Hi\u00e7bir \u015eey Yapma Tar\u0131m\u0131\u2019 olarak bilinen kendi y\u00f6ntemini geli\u015ftirdi.<\/p>\n\n\n\n<p class=\"wp-block-paragraph\">Fukuoka tar\u0131m felsefesini&nbsp;<em>shizen n\u014dh\u014d<\/em>&nbsp;(<a href=\"https:\/\/tr.wikipedia.org\/w\/index.php?title=%E8%87%AA%E7%84%B6%E8%BE%B2%E6%B3%95&amp;action=edit&amp;redlink=1\" target=\"_blank\" rel=\"noreferrer noopener\">\u81ea\u7136\u8fb2\u6cd5<\/a><a href=\"https:\/\/tr.wikipedia.org\/w\/index.php?title=Yard%C4%B1m:Installing_Japanese_character_sets&amp;action=edit&amp;redlink=1\" target=\"_blank\" rel=\"noreferrer noopener\"><strong><sup>?<\/sup><\/strong><\/a>) olarak isimlendirdi. \u0130ngilizce\u2019ye \u2018natural farming\u2019 diye \u00e7evrilen bu ismin T\u00fcrk\u00e7e kar\u015f\u0131l\u0131\u011f\u0131 ise do\u011fal tar\u0131m. \u2018Fukuoka Metodu\u2019 ya da \u2018hi\u00e7bir \u015fey yapma tar\u0131m\u0131\u2019 olarak da biliniyor.&nbsp;Bu y\u00f6ntem bir ekosistem kuran canl\u0131 organizmalar\u0131n karma\u015f\u0131kl\u0131\u011f\u0131n\u0131 tan\u0131maya ve bu ekosistemi fark\u0131ndal\u0131kla kullanmaya dayan\u0131r. Fukuoka tar\u0131m\u0131 yaln\u0131zca yiyecek \u00fcretme yolu olarak de\u011fil, ayn\u0131 zamanda temel amac\u0131 \u2018insanl\u0131\u011f\u0131n geli\u015fimi ve tamamlanmas\u0131\u2019 olan, hayata kar\u015f\u0131 estetik&nbsp;ve sprit\u00fcel bir yakla\u015f\u0131m olarak g\u00f6rd\u00fc.<\/p>\n\n\n\n<p class=\"wp-block-paragraph\">Do\u011fal tar\u0131m\u0131n be\u015f ilkesi \u015funlard\u0131r:<\/p>\n\n\n\n<p class=\"wp-block-paragraph\">&#8211;\u00a0\u00a0\u00a0\u00a0\u00a0\u00a0\u00a0\u00a0\u00a0<em><a href=\"https:\/\/dogal-tarim.org\/index.php\/topragi-islemek-yok\/\">\u0130nsanlar\u0131n topra\u011f\u0131 s\u00fcrmesi ve i\u015flemesi, makine kullan\u0131m\u0131 kadar gereksizdir.<\/a><\/em><\/p>\n\n\n\n<p class=\"wp-block-paragraph\">&#8211;\u00a0\u00a0\u00a0\u00a0\u00a0\u00a0\u00a0\u00a0\u00a0<em><a href=\"https:\/\/dogal-tarim.org\/index.php\/gubrelemek-yok\/\">Haz\u0131r g\u00fcbreler kullanmak ve kompost haz\u0131rlamak gereksizdir.<\/a><\/em><\/p>\n\n\n\n<p class=\"wp-block-paragraph\">&#8211;\u00a0\u00a0\u00a0\u00a0\u00a0\u00a0\u00a0\u00a0\u00a0<em><a href=\"https:\/\/dogal-tarim.org\/index.php\/yabani-ot-temizligi-yok\/\">Yabani ot temizli\u011fi gereksizdir, yabani otlar en az m\u00fcdahale ile belli bir seviyede tutulabilir.<\/a><\/em><\/p>\n\n\n\n<p class=\"wp-block-paragraph\">&#8211;\u00a0\u00a0\u00a0\u00a0\u00a0\u00a0\u00a0\u00a0\u00a0<em><a href=\"https:\/\/dogal-tarim.org\/index.php\/tarim-ilaclari-yok\/\">B\u00f6cek ilac\u0131 ve herbisit kullan\u0131m\u0131 gereksizdir.<\/a><\/em><\/p>\n\n\n\n<p class=\"wp-block-paragraph\">&#8211;\u00a0\u00a0\u00a0\u00a0\u00a0\u00a0\u00a0\u00a0\u00a0<em><a href=\"https:\/\/dogal-tarim.org\/index.php\/agaclari-budamak-yok\/\">Meyve a\u011fa\u00e7lar\u0131n\u0131n budanmas\u0131 gereksizdir.<\/a><\/em><br><\/p>\n\n\n\n<figure class=\"wp-block-image size-large\"><img fetchpriority=\"high\" decoding=\"async\" width=\"1024\" height=\"512\" src=\"https:\/\/dogal-tarim.org\/wp-content\/uploads\/2020\/03\/Masanobu-Fukuoka-1024x512.jpg\" alt=\"\" class=\"wp-image-3444\" srcset=\"https:\/\/dogal-tarim.org\/wp-content\/uploads\/2020\/03\/Masanobu-Fukuoka-1024x512.jpg 1024w, https:\/\/dogal-tarim.org\/wp-content\/uploads\/2020\/03\/Masanobu-Fukuoka-300x150.jpg 300w, https:\/\/dogal-tarim.org\/wp-content\/uploads\/2020\/03\/Masanobu-Fukuoka-768x384.jpg 768w, https:\/\/dogal-tarim.org\/wp-content\/uploads\/2020\/03\/Masanobu-Fukuoka.jpg 1200w\" sizes=\"(max-width: 1024px) 100vw, 1024px\" \/><\/figure>\n","protected":false},"excerpt":{"rendered":"<p>Masanobu Fukuoka&nbsp;(2 \u015eubat 1913 \u2013 16 A\u011fustos 2008) Japonya\u2019da ya\u015fam\u0131\u015f bir \u00e7ift\u00e7i ve filozoftur. Geli\u015ftirdi\u011fi [&hellip;]<\/p>\n","protected":false},"author":1,"featured_media":0,"parent":0,"menu_order":0,"comment_status":"closed","ping_status":"closed","template":"","meta":{"_monsterinsights_skip_tracking":false,"footnotes":""},"class_list":["post-33","page","type-page","status-publish","hentry"],"_links":{"self":[{"href":"https:\/\/dogal-tarim.org\/index.php\/wp-json\/wp\/v2\/pages\/33","targetHints":{"allow":["GET"]}}],"collection":[{"href":"https:\/\/dogal-tarim.org\/index.php\/wp-json\/wp\/v2\/pages"}],"about":[{"href":"https:\/\/dogal-tarim.org\/index.php\/wp-json\/wp\/v2\/types\/page"}],"author":[{"embeddable":true,"href":"https:\/\/dogal-tarim.org\/index.php\/wp-json\/wp\/v2\/users\/1"}],"replies":[{"embeddable":true,"href":"https:\/\/dogal-tarim.org\/index.php\/wp-json\/wp\/v2\/comments?post=33"}],"version-history":[{"count":5,"href":"https:\/\/dogal-tarim.org\/index.php\/wp-json\/wp\/v2\/pages\/33\/revisions"}],"predecessor-version":[{"id":9326,"href":"https:\/\/dogal-tarim.org\/index.php\/wp-json\/wp\/v2\/pages\/33\/revisions\/9326"}],"wp:attachment":[{"href":"https:\/\/dogal-tarim.org\/index.php\/wp-json\/wp\/v2\/media?parent=33"}],"curies":[{"name":"wp","href":"https:\/\/api.w.org\/{rel}","templated":true}]}}