{"id":1350,"date":"2020-03-07T20:22:10","date_gmt":"2020-03-07T17:22:10","guid":{"rendered":"https:\/\/dogal-tarim.org\/?page_id=1350"},"modified":"2021-12-17T22:29:21","modified_gmt":"2021-12-17T19:29:21","slug":"basinda-biz","status":"publish","type":"page","link":"https:\/\/dogal-tarim.org\/index.php\/basinda-biz\/","title":{"rendered":"Bas\u0131nda Biz"},"content":{"rendered":"\t\t<div data-elementor-type=\"wp-post\" data-elementor-id=\"1350\" class=\"elementor elementor-1350\">\n\t\t\t\t\t\t<section class=\"elementor-section elementor-top-section elementor-element elementor-element-7dfed55b elementor-section-boxed elementor-section-height-default elementor-section-height-default\" data-id=\"7dfed55b\" data-element_type=\"section\" data-e-type=\"section\">\n\t\t\t\t\t\t<div class=\"elementor-container elementor-column-gap-default\">\n\t\t\t\t\t<div class=\"elementor-column elementor-col-100 elementor-top-column elementor-element elementor-element-75080fc6\" data-id=\"75080fc6\" data-element_type=\"column\" data-e-type=\"column\">\n\t\t\t<div class=\"elementor-widget-wrap elementor-element-populated\">\n\t\t\t\t\t\t<div class=\"elementor-element elementor-element-37d74e51 elementor-widget elementor-widget-text-editor\" data-id=\"37d74e51\" data-element_type=\"widget\" data-e-type=\"widget\" data-widget_type=\"text-editor.default\">\n\t\t\t\t<div class=\"elementor-widget-container\">\n\t\t\t\t\t\t\t\t\t<h4>03\/12\/2021 \u0130talya<\/h4>\n<ul>\n<li class=\"single__title\"><a href=\"https:\/\/www.italiachecambia.org\/cerco-offro\/cerchiamo-semi-per-coltivare-cibo-naturale-in-africa\/\">Cerchiamo semi per coltivare cibo naturale in Africa<\/a><\/li>\n<\/ul>\n<h4>28\/10\/2021 \u0130talya<\/h4>\n<ul>\n<li class=\"single__title\"><a href=\"https:\/\/www.italiachecambia.org\/2021\/10\/sud-seedball-festival\/\">Al Sud arriva il Seedball Festival, palline di semi per aiutare la Natura a rinascere<\/a><\/li>\n<\/ul>\n<h4>18\/09\/2021 \u0130talya<\/h4>\n<ul>\n<li class=\"l-entry__title u-heading-01 u-mb-small\" data-amp=\"amp-title\"><a href=\"https:\/\/www.reggiotoday.it\/cronaca\/aspromonte-incendi-rigenerazione-masanobu-fukuoka-calabria-condiivisa.html\">Incendi Aspromonte, arriva il lancio di palline di semi per rigenerare i suoli<\/a><\/li>\n<\/ul>\n<h4>10\/09\/2020 \u0130talyan Devlet Televizyonu<\/h4>\n<ul>\n<li><a href=\"https:\/\/www.raiplay.it\/video\/2020\/09\/Linea-Verde-Estate-Ritorno-al-futuro-in-Sicilia-2b157960-1489-4c5d-bbca-925219c9df7f.html?wt_mc=2.app.fb.raiplay_prg_Linea%20Verde%20Estate%20-%20Ritorno%20al%20futuro%20in%20Sicilia.&amp;wt&amp;fbclid=IwAR1Q03fDrfcpmsKTWl2Sq716Bhn5RCAKxijMjQBf5o-7h82cKtvsG3JxlQM\" target=\"_blank\" rel=\"noopener\">Ritorno al futuro in Sicilia<\/a><\/li>\n<\/ul>\n<h4>02\/09\/2020 \u0130talyan Bas\u0131n\u0131<\/h4>\n<ul>\n<li><a href=\"https:\/\/www.italiachecambia.org\/2020\/09\/sicilia-festa-internazionale-seedballs-fukuoka\/?fbclid=IwAR13celIw53Zmc1Np1D3WoyXzTUapIke2aoycqBtH_KA-F_0ikRmsO9WwZQ\" target=\"_blank\" rel=\"noopener\"><strong>\u00a0In Sicilia al via la Festa Internazionale delle Seedballs ispirata a Fukuoka<\/strong><\/a><\/li>\n<\/ul>\n<h4><strong><em>06\/12\/2019 Cumhuriyet<\/em><\/strong><\/h4>\n<ul>\n<li><b><a href=\"http:\/\/www.cumhuriyet.com.tr\/haber\/turkiye\/1706585\/gokyuzunden-tohum-yagdi.html?fbclid=IwAR2TijLZUVfWwGIOKIjZbqL5hBMkXcRD7PWhPo1OPBOj_8UPFcTIGM0UzKY\" target=\"_blank\" rel=\"noopener\">G\u00f6ky\u00fcz\u00fcnden tohum ya\u011fd\u0131<\/a><\/b><\/li>\n<\/ul>\n<h4>25\/11\/2019 \u0130talyan Bas\u0131n\u0131<\/h4>\n<ul>\n<li><a href=\"https:\/\/www.orawebtv.it\/le-giornate-della-riforestazione-ottimo-bilancio-fra-piantumazione-sensibilizzazione-e-progetti-futuri\/?fbclid=IwAR2YCOlmv9jAdVnF7tchkHyFkNhsxVJLdTyjQVscFQJy2JcyG0n1Jv5_OfI\" target=\"_blank\" rel=\"noopener\">\u201cLe Giornate della RiforestAzione\u201d. Ottimo bilancio fra piantumazione, sensibilizzazione e progetti futuri\u00a0<\/a><\/li>\n<\/ul>\n<h4><em><b>30\/10\/2019 H\u00fcrriyet<\/b><\/em><\/h4>\n<ul>\n<li><a href=\"https:\/\/www.hurriyet.com.tr\/yerel-haberler\/antalya\/tohum-toplari-ibradiya-birakildi-41362786?fbclid=IwAR2U-64Rg9vFcjOZ-YMqUyYU9NjCoJYUX7Y50Ejg9nR49BX3nJsceg16Tu4\" target=\"_blank\" rel=\"noopener\"><b>Tohum toplar\u0131 \u0130brad\u0131&#8217;ya b\u0131rak\u0131ld\u0131<\/b><\/a><\/li>\n<\/ul>\n<h5><strong>28\/08\/2019 Ege Telgraf<\/strong><\/h5>\n<ul>\n<li><strong><a href=\"https:\/\/dogal-tarim.org\/index.php\/2019\/08\/28\/tohum-topu-yesile-can-verdi\/\">Tohum Topu Ye\u015file Can Verdi<\/a><\/strong><\/li>\n<\/ul>\n<h4><em>30\/07\/2019 \u00d6zg\u00fcr Dersim<\/em><\/h4>\n<ul>\n<li><a href=\"https:\/\/www.tunceliemek.com.tr\/NewsDetail\/Yunanistan-Dogal-Tarim-Merkezinden-Macogluna-Ziyaret\/181\/45081\" target=\"_blank\" rel=\"noopener\">Yunanistan Do\u011fal Tar\u0131m Merkezi&#8217;nden Belediyeye Ziyaret<\/a><\/li>\n<\/ul>\n<h4><em><strong>16\/04\/2019 Art\u0131 Ger\u00e7ek<\/strong><\/em><\/h4>\n<ul>\n<li class=\"post-title page-heading\"><a href=\"https:\/\/artigercek.com\/haberler\/roma-bostani-na-tohumlar-serpilecek\" target=\"_blank\" rel=\"noopener\"><span class=\"h-title\">Roma Bostan\u0131&#8217;na tohumlar serpilecek<\/span><\/a><\/li>\n<\/ul>\n<h4><em><strong>20\/04\/2019 Birg\u00fcn<\/strong><\/em><\/h4>\n<ul>\n<li class=\"detail__title\"><a href=\"https:\/\/www.birgun.net\/haber\/umudun-tohumlari-toprakla-bulusacak-253464\" target=\"_blank\" rel=\"noopener\">Umudun tohumlar\u0131 toprakla bulu\u015facak<\/a><\/li>\n<\/ul>\n<h4><strong><em>07\/10\/2019 \u0130talyan Bas\u0131n\u0131<\/em><\/strong><\/h4>\n<ul>\n<li><i style=\"background-color: #ffffff;\"><a href=\"http:\/\/www.alqamah.it\/2019\/10\/07\/regreen-costa-larga-workshop-di-agricoltura-naturale-per-il-ripristino-dellecosistema-a-fraginesi\/\" target=\"_blank\" rel=\"noopener\">Workshop di agricoltura naturale per il ripristino dell&#8217;ecosistema a Fraginesi<\/a><\/i><\/li>\n<\/ul>\n<h4><b>16\/10\/2018 Ak\u0131l fikir M\u00fcessesesi<\/b><\/h4>\n<ul>\n<li><a href=\"https:\/\/akilfikir.net\/kutluhan-ozdemir-dogal-tarim\/\" target=\"_blank\" rel=\"noopener\">Do\u011fal Tar\u0131m Yap\u0131p D\u00fcnyay\u0131 Geziyor, Hayallerinin \u0130zinde Bir Hayat: Kutluhan \u00d6zdemir<\/a><\/li>\n<\/ul>\n<h4><b>\u00a0<\/b><b>10\/09\/2017 Gaia Dergi<\/b><\/h4>\n<ul>\n<li><a href=\"https:\/\/gaiadergi.com\/kariyerini-bir-kenara-birakip-dogal-tarim-yapan-kutluhan-ozdemirden-tavsiyeler\/\">Kariyerini bir kenara b\u0131rak\u0131p\u00a0<em>do\u011fal tar\u0131m<\/em>\u00a0yapan\u00a0<em>Kutluhan \u00d6zdemir<\/em>&#8216;den tavsiyeler.<\/a><\/li>\n<\/ul>\n<h4>11\/09\/2016 Yeni \u015eafak<\/h4>\n<ul>\n<li class=\"title\"><a href=\"https:\/\/www.yenisafak.com\/gundem\/bir-ayagi-tarimda-bir-ayagi-yolda-2530741\" target=\"_blank\" rel=\"noopener\">Bir aya\u011f\u0131 tar\u0131mda bir aya\u011f\u0131 yolda<\/a><\/li>\n<\/ul>\n<p class=\"wp-block-paragraph\">\u00a0<\/p>\n<p><\/p>\n<p class=\"wp-block-paragraph\"><\/p>\t\t\t\t\t\t\t\t<\/div>\n\t\t\t\t<\/div>\n\t\t\t\t\t<\/div>\n\t\t<\/div>\n\t\t\t\t\t<\/div>\n\t\t<\/section>\n\t\t\t\t<\/div>\n\t\t","protected":false},"excerpt":{"rendered":"<p>03\/12\/2021 \u0130talya Cerchiamo semi per coltivare cibo naturale in Africa 28\/10\/2021 \u0130talya Al Sud arriva [&hellip;]<\/p>\n","protected":false},"author":2,"featured_media":0,"parent":0,"menu_order":0,"comment_status":"closed","ping_status":"closed","template":"","meta":{"_monsterinsights_skip_tracking":false,"footnotes":""},"class_list":["post-1350","page","type-page","status-publish","hentry"],"_links":{"self":[{"href":"https:\/\/dogal-tarim.org\/index.php\/wp-json\/wp\/v2\/pages\/1350","targetHints":{"allow":["GET"]}}],"collection":[{"href":"https:\/\/dogal-tarim.org\/index.php\/wp-json\/wp\/v2\/pages"}],"about":[{"href":"https:\/\/dogal-tarim.org\/index.php\/wp-json\/wp\/v2\/types\/page"}],"author":[{"embeddable":true,"href":"https:\/\/dogal-tarim.org\/index.php\/wp-json\/wp\/v2\/users\/2"}],"replies":[{"embeddable":true,"href":"https:\/\/dogal-tarim.org\/index.php\/wp-json\/wp\/v2\/comments?post=1350"}],"version-history":[{"count":43,"href":"https:\/\/dogal-tarim.org\/index.php\/wp-json\/wp\/v2\/pages\/1350\/revisions"}],"predecessor-version":[{"id":11258,"href":"https:\/\/dogal-tarim.org\/index.php\/wp-json\/wp\/v2\/pages\/1350\/revisions\/11258"}],"wp:attachment":[{"href":"https:\/\/dogal-tarim.org\/index.php\/wp-json\/wp\/v2\/media?parent=1350"}],"curies":[{"name":"wp","href":"https:\/\/api.w.org\/{rel}","templated":true}]}}